{"id":4281,"date":"2022-03-07T14:27:10","date_gmt":"2022-03-07T14:27:10","guid":{"rendered":"https:\/\/jamonesibericoseu.eu\/events\/"},"modified":"2024-09-10T09:51:36","modified_gmt":"2024-09-10T09:51:36","slug":"events","status":"publish","type":"page","link":"https:\/\/jamonesibericoseu.eu\/en\/events\/","title":{"rendered":"Events"},"content":{"rendered":"<p>[et_pb_section fb_built=&#8221;1&#8243; _builder_version=&#8221;4.16&#8243; _module_preset=&#8221;default&#8221; global_colors_info=&#8221;{}&#8221;][et_pb_row _builder_version=&#8221;4.16&#8243; _module_preset=&#8221;default&#8221; global_colors_info=&#8221;{}&#8221;][et_pb_column type=&#8221;4_4&#8243; _builder_version=&#8221;4.16&#8243; _module_preset=&#8221;default&#8221; global_colors_info=&#8221;{}&#8221;][et_pb_text _builder_version=&#8221;4.16&#8243; _module_preset=&#8221;default&#8221; text_font_size=&#8221;16px&#8221; header_font=&#8221;|700||on|||||&#8221; header_text_align=&#8221;center&#8221; header_text_color=&#8221;#a31c27&#8243; header_2_font=&#8221;|700||on|||||&#8221; header_2_text_align=&#8221;center&#8221; header_2_text_color=&#8221;#a31c27&#8243; header_2_font_size=&#8221;30px&#8221; header_2_line_height=&#8221;1.2em&#8221; background_color=&#8221;RGBA(0,0,0,0)&#8221; z_index=&#8221;500&#8243; width=&#8221;80%&#8221; module_alignment=&#8221;center&#8221; min_height=&#8221;47px&#8221; sticky_limit_bottom=&#8221;body&#8221; global_colors_info=&#8221;{}&#8221;]<\/p>\n<h2>EVENTS<\/h2>\n<p>[\/et_pb_text][\/et_pb_column][\/et_pb_row][et_pb_row column_structure=&#8221;1_3,1_3,1_3&#8243; use_custom_gutter=&#8221;on&#8221; gutter_width=&#8221;2&#8243; disabled_on=&#8221;off|off|off&#8221; _builder_version=&#8221;4.16&#8243; _module_preset=&#8221;default&#8221; global_colors_info=&#8221;{}&#8221;][et_pb_column type=&#8221;1_3&#8243; _builder_version=&#8221;4.16&#8243; _module_preset=&#8221;default&#8221; global_colors_info=&#8221;{}&#8221;][et_pb_image src=&#8221;https:\/\/jamonesibericoseu.eu\/wp-content\/uploads\/2024\/03\/intro_showcooking_internacional.jpg&#8221; title_text=&#8221;intro_showcooking_internacional&#8221; url=&#8221;@ET-DC@eyJkeW5hbWljIjp0cnVlLCJjb250ZW50IjoicG9zdF9saW5rX3VybF9wYWdlIiwic2V0dGluZ3MiOnsicG9zdF9pZCI6Ijg2NTkifX0=@&#8221; _builder_version=&#8221;4.24.2&#8243; _dynamic_attributes=&#8221;url&#8221; _module_preset=&#8221;default&#8221; global_colors_info=&#8221;{}&#8221;][\/et_pb_image][et_pb_text _builder_version=&#8221;4.24.2&#8243; _dynamic_attributes=&#8221;link_option_url&#8221; _module_preset=&#8221;default&#8221; text_text_color=&#8221;#a31c27&#8243; text_font_size=&#8221;18px&#8221; link_option_url=&#8221;@ET-DC@eyJkeW5hbWljIjp0cnVlLCJjb250ZW50IjoicG9zdF9saW5rX3VybF9wYWdlIiwic2V0dGluZ3MiOnsicG9zdF9pZCI6Ijg2NTkifX0=@&#8221; global_colors_info=&#8221;{}&#8221;]<\/p>\n<p style=\"text-align: center;\"><strong>SHOWCOOKING INTERNATIONAL<\/strong><\/p>\n<p>[\/et_pb_text][\/et_pb_column][et_pb_column type=&#8221;1_3&#8243; _builder_version=&#8221;4.16&#8243; _module_preset=&#8221;default&#8221; global_colors_info=&#8221;{}&#8221;][et_pb_image src=&#8221;https:\/\/jamonesibericoseu.eu\/wp-content\/uploads\/2024\/02\/Europa-hat-seinen.jpg&#8221; title_text=&#8221;Europa hat seinen&#8221; url=&#8221;@ET-DC@eyJkeW5hbWljIjp0cnVlLCJjb250ZW50IjoicG9zdF9saW5rX3VybF9wYWdlIiwic2V0dGluZ3MiOnsicG9zdF9pZCI6Ijg3MzEifX0=@&#8221; _builder_version=&#8221;4.24.2&#8243; _dynamic_attributes=&#8221;url&#8221; _module_preset=&#8221;default&#8221; global_colors_info=&#8221;{}&#8221;][\/et_pb_image][et_pb_text _builder_version=&#8221;4.24.2&#8243; _dynamic_attributes=&#8221;link_option_url&#8221; _module_preset=&#8221;default&#8221; text_text_color=&#8221;#a31c27&#8243; text_font_size=&#8221;18px&#8221; link_option_url=&#8221;@ET-DC@eyJkeW5hbWljIjp0cnVlLCJjb250ZW50IjoicG9zdF9saW5rX3VybF9wYWdlIiwic2V0dGluZ3MiOnsicG9zdF9pZCI6Ijg3MzEifX0=@&#8221; global_colors_info=&#8221;{}&#8221;]<\/p>\n<p style=\"text-align: center;\"><strong>MERT ARMAN, WINNER OF THE 3RD EDITION OF THE INTERNATIONAL HAM CUTTING COMPETITION OF \u201cJAMONES IB\u00c9RICOS FROM SPAIN, AMBASSADORS OF EUROPE IN THE WORLD\u201d<\/strong><\/p>\n<p>[\/et_pb_text][\/et_pb_column][et_pb_column type=&#8221;1_3&#8243; _builder_version=&#8221;4.16&#8243; _module_preset=&#8221;default&#8221; global_colors_info=&#8221;{}&#8221;][et_pb_image src=&#8221;https:\/\/jamonesibericoseu.eu\/wp-content\/uploads\/2024\/02\/c4c_sevilla_portada.jpg&#8221; title_text=&#8221;c4c_sevilla_portada&#8221; url=&#8221;@ET-DC@eyJkeW5hbWljIjp0cnVlLCJjb250ZW50IjoicG9zdF9saW5rX3VybF9wYWdlIiwic2V0dGluZ3MiOnsicG9zdF9pZCI6Ijc0ODgifX0=@&#8221; _builder_version=&#8221;4.16&#8243; _dynamic_attributes=&#8221;url&#8221; _module_preset=&#8221;default&#8221; global_colors_info=&#8221;{}&#8221;][\/et_pb_image][et_pb_text _builder_version=&#8221;4.16&#8243; _dynamic_attributes=&#8221;link_option_url&#8221; _module_preset=&#8221;default&#8221; text_text_color=&#8221;#a31c27&#8243; text_font_size=&#8221;18px&#8221; link_option_url=&#8221;@ET-DC@eyJkeW5hbWljIjp0cnVlLCJjb250ZW50IjoicG9zdF9saW5rX3VybF9wYWdlIiwic2V0dGluZ3MiOnsicG9zdF9pZCI6Ijc0ODgifX0=@&#8221; global_colors_info=&#8221;{}&#8221;]<\/p>\n<p style=\"text-align: center;\"><strong>JAM\u00d3N IB\u00c9RICO &#8211; THE STAR OF AN EXCLUSIVE GASTRONOMIC EVENT IN SEVILLE LED BY MARIO SANDOVAL<\/strong><\/p>\n<p>[\/et_pb_text][\/et_pb_column][\/et_pb_row][et_pb_row column_structure=&#8221;1_3,1_3,1_3&#8243; use_custom_gutter=&#8221;on&#8221; gutter_width=&#8221;2&#8243; disabled_on=&#8221;off|off|off&#8221; _builder_version=&#8221;4.16&#8243; _module_preset=&#8221;default&#8221; global_colors_info=&#8221;{}&#8221;][et_pb_column type=&#8221;1_3&#8243; _builder_version=&#8221;4.16&#8243; _module_preset=&#8221;default&#8221; global_colors_info=&#8221;{}&#8221;][et_pb_image src=&#8221;https:\/\/jamonesibericoseu.eu\/wp-content\/uploads\/2024\/02\/media_tasting_portada2.jpg&#8221; title_text=&#8221;media_tasting_portada2&#8243; url=&#8221;@ET-DC@eyJkeW5hbWljIjp0cnVlLCJjb250ZW50IjoicG9zdF9saW5rX3VybF9wYWdlIiwic2V0dGluZ3MiOnsicG9zdF9pZCI6IjgyMDEifX0=@&#8221; _builder_version=&#8221;4.16&#8243; _dynamic_attributes=&#8221;url&#8221; _module_preset=&#8221;default&#8221; global_colors_info=&#8221;{}&#8221;][\/et_pb_image][et_pb_text _builder_version=&#8221;4.16&#8243; _dynamic_attributes=&#8221;link_option_url&#8221; _module_preset=&#8221;default&#8221; text_text_color=&#8221;#a31c27&#8243; text_font_size=&#8221;18px&#8221; link_option_url=&#8221;@ET-DC@eyJkeW5hbWljIjp0cnVlLCJjb250ZW50IjoicG9zdF9saW5rX3VybF9wYWdlIiwic2V0dGluZ3MiOnsicG9zdF9pZCI6Ijc0OTcifX0=@&#8221; global_colors_info=&#8221;{}&#8221;]<\/p>\n<p style=\"text-align: center;\"><strong>AWAKENING THE IB\u00c9RICO SENSE OF THE PRESS IN SEVILLE<\/strong><\/p>\n<p>[\/et_pb_text][\/et_pb_column][et_pb_column type=&#8221;1_3&#8243; _builder_version=&#8221;4.16&#8243; _module_preset=&#8221;default&#8221; global_colors_info=&#8221;{}&#8221;][et_pb_image src=&#8221;https:\/\/jamonesibericoseu.eu\/wp-content\/uploads\/2024\/02\/chef4chef_alemania_portada.jpg&#8221; title_text=&#8221;chef4chef_alemania_portada&#8221; url=&#8221;@ET-DC@eyJkeW5hbWljIjp0cnVlLCJjb250ZW50IjoicG9zdF9saW5rX3VybF9wYWdlIiwic2V0dGluZ3MiOnsicG9zdF9pZCI6IjgxODcifX0=@&#8221; _builder_version=&#8221;4.25.1&#8243; _dynamic_attributes=&#8221;url&#8221; _module_preset=&#8221;default&#8221; hover_enabled=&#8221;0&#8243; global_colors_info=&#8221;{}&#8221; sticky_enabled=&#8221;0&#8243;][\/et_pb_image][et_pb_text _builder_version=&#8221;4.25.1&#8243; _dynamic_attributes=&#8221;link_option_url&#8221; _module_preset=&#8221;default&#8221; text_text_color=&#8221;#a31c27&#8243; text_font_size=&#8221;18px&#8221; link_option_url=&#8221;@ET-DC@eyJkeW5hbWljIjp0cnVlLCJjb250ZW50IjoicG9zdF9saW5rX3VybF9wYWdlIiwic2V0dGluZ3MiOnsicG9zdF9pZCI6Ijc0NTIifX0=@&#8221; hover_enabled=&#8221;0&#8243; global_colors_info=&#8221;{}&#8221; sticky_enabled=&#8221;0&#8243;]<\/p>\n<p style=\"text-align: center;\"><strong>JAM\u00d3N IB\u00c9RICO &#8211; OFFICIAL SPONSOR OF THE PRESTIGIOUS KOCH DES JAHRES COMPETITION<\/strong><\/p>\n<p>[\/et_pb_text][\/et_pb_column][et_pb_column type=&#8221;1_3&#8243; _builder_version=&#8221;4.16&#8243; _module_preset=&#8221;default&#8221; global_colors_info=&#8221;{}&#8221;][et_pb_image src=&#8221;https:\/\/jamonesibericoseu.eu\/wp-content\/uploads\/2023\/06\/berlin-presentacion-evento.jpg&#8221; title_text=&#8221;berlin-presentacion-evento&#8221; url=&#8221;@ET-DC@eyJkeW5hbWljIjp0cnVlLCJjb250ZW50IjoicG9zdF9saW5rX3VybF9wYWdlIiwic2V0dGluZ3MiOnsicG9zdF9pZCI6IjcxMDkifX0=@&#8221; _builder_version=&#8221;4.16&#8243; _dynamic_attributes=&#8221;url&#8221; _module_preset=&#8221;default&#8221; global_colors_info=&#8221;{}&#8221;][\/et_pb_image][et_pb_text _builder_version=&#8221;4.16&#8243; _dynamic_attributes=&#8221;link_option_url&#8221; _module_preset=&#8221;default&#8221; text_text_color=&#8221;#a31c27&#8243; text_font_size=&#8221;18px&#8221; link_option_url=&#8221;@ET-DC@eyJkeW5hbWljIjp0cnVlLCJjb250ZW50IjoicG9zdF9saW5rX3VybF9wYWdlIiwic2V0dGluZ3MiOnsicG9zdF9pZCI6IjcxMDkifX0=@&#8221; global_colors_info=&#8221;{}&#8221;]<\/p>\n<p style=\"text-align: center;\"><strong>THE IBERIAN SENSE AWAKENS IN BERLIN TO KICK OFF THE THIRD YEAR OF THE CAMPAIGN<\/strong><\/p>\n<p>[\/et_pb_text][\/et_pb_column][\/et_pb_row][et_pb_row column_structure=&#8221;1_3,1_3,1_3&#8243; use_custom_gutter=&#8221;on&#8221; gutter_width=&#8221;2&#8243; disabled_on=&#8221;off|off|off&#8221; _builder_version=&#8221;4.16&#8243; _module_preset=&#8221;default&#8221; global_colors_info=&#8221;{}&#8221;][et_pb_column type=&#8221;1_3&#8243; _builder_version=&#8221;4.16&#8243; _module_preset=&#8221;default&#8221; global_colors_info=&#8221;{}&#8221;][et_pb_image src=&#8221;https:\/\/jamonesibericoseu.eu\/wp-content\/uploads\/2023\/04\/concurso_internacional_corte_fr_portada.jpg&#8221; title_text=&#8221;concurso_internacional_corte_fr_portada&#8221; url=&#8221;@ET-DC@eyJkeW5hbWljIjp0cnVlLCJjb250ZW50IjoicG9zdF9saW5rX3VybF9wYWdlIiwic2V0dGluZ3MiOnsicG9zdF9pZCI6IjY0ODgifX0=@&#8221; _builder_version=&#8221;4.16&#8243; _dynamic_attributes=&#8221;url&#8221; _module_preset=&#8221;default&#8221; global_colors_info=&#8221;{}&#8221;][\/et_pb_image][et_pb_text _builder_version=&#8221;4.16&#8243; _dynamic_attributes=&#8221;link_option_url&#8221; _module_preset=&#8221;default&#8221; text_text_color=&#8221;#a31c27&#8243; text_font_size=&#8221;18px&#8221; link_option_url=&#8221;@ET-DC@eyJkeW5hbWljIjp0cnVlLCJjb250ZW50IjoicG9zdF9saW5rX3VybF9wYWdlIiwic2V0dGluZ3MiOnsicG9zdF9pZCI6IjY0ODgifX0=@&#8221; global_colors_info=&#8221;{}&#8221;]<\/p>\n<p style=\"text-align: center;\"><strong>FIND OUT EVERYTHING ABOUT THE SECOND EDITION OF THE INTERNATIONAL IBERIAN HAM CUTTING COMPETITION<\/strong><\/p>\n<p>[\/et_pb_text][\/et_pb_column][et_pb_column type=&#8221;1_3&#8243; _builder_version=&#8221;4.16&#8243; _module_preset=&#8221;default&#8221; global_colors_info=&#8221;{}&#8221;][et_pb_image src=&#8221;https:\/\/jamonesibericoseu.eu\/wp-content\/uploads\/2023\/04\/talleres_profesionales_portada.jpg&#8221; title_text=&#8221;talleres_profesionales_portada&#8221; url=&#8221;@ET-DC@eyJkeW5hbWljIjp0cnVlLCJjb250ZW50IjoicG9zdF9saW5rX3VybF9wYWdlIiwic2V0dGluZ3MiOnsicG9zdF9pZCI6IjU5MzYifX0=@&#8221; _builder_version=&#8221;4.16&#8243; _dynamic_attributes=&#8221;url&#8221; _module_preset=&#8221;default&#8221; global_colors_info=&#8221;{}&#8221;][\/et_pb_image][et_pb_text _builder_version=&#8221;4.16&#8243; _dynamic_attributes=&#8221;link_option_url&#8221; _module_preset=&#8221;default&#8221; text_text_color=&#8221;#a31c27&#8243; text_font_size=&#8221;18px&#8221; link_option_url=&#8221;@ET-DC@eyJkeW5hbWljIjp0cnVlLCJjb250ZW50IjoicG9zdF9saW5rX3VybF9wYWdlIiwic2V0dGluZ3MiOnsicG9zdF9pZCI6IjU5MzYifX0=@&#8221; global_colors_info=&#8221;{}&#8221;]<\/p>\n<p style=\"text-align: center;\"><strong>THE IBERIAN SENSE AWAKENS AMONG FUTURE PROFESSIONALS IN THE HOSPITALITY SECTOR<\/strong><\/p>\n<p>[\/et_pb_text][\/et_pb_column][et_pb_column type=&#8221;1_3&#8243; _builder_version=&#8221;4.16&#8243; _module_preset=&#8221;default&#8221; global_colors_info=&#8221;{}&#8221;][et_pb_image src=&#8221;https:\/\/jamonesibericoseu.eu\/wp-content\/uploads\/2023\/04\/talleres_profesionales_practice_rf_portada.jpg&#8221; title_text=&#8221;talleres_profesionales_practice_rf_portada&#8221; url=&#8221;@ET-DC@eyJkeW5hbWljIjp0cnVlLCJjb250ZW50IjoicG9zdF9saW5rX3VybF9wYWdlIiwic2V0dGluZ3MiOnsicG9zdF9pZCI6IjYzMzYifX0=@&#8221; _builder_version=&#8221;4.16&#8243; _dynamic_attributes=&#8221;url&#8221; _module_preset=&#8221;default&#8221; global_colors_info=&#8221;{}&#8221;][\/et_pb_image][et_pb_text _builder_version=&#8221;4.16&#8243; _dynamic_attributes=&#8221;link_option_url&#8221; _module_preset=&#8221;default&#8221; text_text_color=&#8221;#a31c27&#8243; text_font_size=&#8221;18px&#8221; link_option_url=&#8221;@ET-DC@eyJkeW5hbWljIjp0cnVlLCJjb250ZW50IjoicG9zdF9saW5rX3VybF9wYWdlIiwic2V0dGluZ3MiOnsicG9zdF9pZCI6IjYzMzYifX0=@&#8221; global_colors_info=&#8221;{}&#8221;]<\/p>\n<p style=\"text-align: center;\"><strong>THE IBERIAN SENSE AWAKENS AMONG FUTURE PROFESSIONALS IN THE PARIS HOSPITALITY SECTOR<\/strong><\/p>\n<p>[\/et_pb_text][\/et_pb_column][\/et_pb_row][et_pb_row column_structure=&#8221;1_3,1_3,1_3&#8243; use_custom_gutter=&#8221;on&#8221; gutter_width=&#8221;2&#8243; disabled_on=&#8221;off|off|off&#8221; _builder_version=&#8221;4.16&#8243; _module_preset=&#8221;default&#8221; global_colors_info=&#8221;{}&#8221;][et_pb_column type=&#8221;1_3&#8243; _builder_version=&#8221;4.16&#8243; _module_preset=&#8221;default&#8221; global_colors_info=&#8221;{}&#8221;][et_pb_image src=&#8221;https:\/\/jamonesibericoseu.eu\/wp-content\/uploads\/2023\/04\/talleres_profesionales_de_portada.jpg&#8221; title_text=&#8221;talleres_profesionales_de_portada&#8221; url=&#8221;@ET-DC@eyJkeW5hbWljIjp0cnVlLCJjb250ZW50IjoicG9zdF9saW5rX3VybF9wYWdlIiwic2V0dGluZ3MiOnsicG9zdF9pZCI6IjYyMTcifX0=@&#8221; _builder_version=&#8221;4.16&#8243; _dynamic_attributes=&#8221;url&#8221; _module_preset=&#8221;default&#8221; global_colors_info=&#8221;{}&#8221;][\/et_pb_image][et_pb_text _builder_version=&#8221;4.16&#8243; _dynamic_attributes=&#8221;link_option_url&#8221; _module_preset=&#8221;default&#8221; text_text_color=&#8221;#a31c27&#8243; text_font_size=&#8221;18px&#8221; link_option_url=&#8221;@ET-DC@eyJkeW5hbWljIjp0cnVlLCJjb250ZW50IjoicG9zdF9saW5rX3VybF9wYWdlIiwic2V0dGluZ3MiOnsicG9zdF9pZCI6IjYyMTcifX0=@&#8221; global_colors_info=&#8221;{}&#8221;]<\/p>\n<p style=\"text-align: center;\"><strong>THE IBERIAN SENSE AWAKENS AMONG THE FUTURE PROFESSIONALS OF THE HOSPITALITY SECTOR IN BERLIN<\/strong><\/p>\n<p>[\/et_pb_text][\/et_pb_column][et_pb_column type=&#8221;1_3&#8243; _builder_version=&#8221;4.16&#8243; _module_preset=&#8221;default&#8221; global_colors_info=&#8221;{}&#8221;][et_pb_image src=&#8221;https:\/\/jamonesibericoseu.eu\/wp-content\/uploads\/2023\/04\/eurotoques_portada.jpg&#8221; title_text=&#8221;eurotoques_portada&#8221; url=&#8221;@ET-DC@eyJkeW5hbWljIjp0cnVlLCJjb250ZW50IjoicG9zdF9saW5rX3VybF9wYWdlIiwic2V0dGluZ3MiOnsicG9zdF9pZCI6IjU5MzEifX0=@&#8221; _builder_version=&#8221;4.16&#8243; _dynamic_attributes=&#8221;url&#8221; _module_preset=&#8221;default&#8221; global_colors_info=&#8221;{}&#8221;][\/et_pb_image][et_pb_text _builder_version=&#8221;4.16&#8243; _dynamic_attributes=&#8221;link_option_url&#8221; _module_preset=&#8221;default&#8221; text_text_color=&#8221;#a31c27&#8243; text_font_size=&#8221;18px&#8221; link_option_url=&#8221;@ET-DC@eyJkeW5hbWljIjp0cnVlLCJjb250ZW50IjoicG9zdF9saW5rX3VybF9wYWdlIiwic2V0dGluZ3MiOnsicG9zdF9pZCI6IjU5MzEifX0=@&#8221; global_colors_info=&#8221;{}&#8221;]<\/p>\n<p style=\"text-align: center;\"><strong>THE IBERIAN SENSE AWAKENS AMONG THE BEST CHEFS IN SPAIN<\/strong><\/p>\n<p>[\/et_pb_text][\/et_pb_column][et_pb_column type=&#8221;1_3&#8243; _builder_version=&#8221;4.16&#8243; _module_preset=&#8221;default&#8221; global_colors_info=&#8221;{}&#8221;][et_pb_image src=&#8221;https:\/\/jamonesibericoseu.eu\/wp-content\/uploads\/2023\/02\/evento_madrid_evetos.jpg&#8221; title_text=&#8221;evento_madrid_evetos&#8221; url=&#8221;@ET-DC@eyJkeW5hbWljIjp0cnVlLCJjb250ZW50IjoicG9zdF9saW5rX3VybF9wYWdlIiwic2V0dGluZ3MiOnsicG9zdF9pZCI6IjU1MDIifX0=@&#8221; _builder_version=&#8221;4.16&#8243; _dynamic_attributes=&#8221;url&#8221; _module_preset=&#8221;default&#8221; global_colors_info=&#8221;{}&#8221;][\/et_pb_image][et_pb_text _builder_version=&#8221;4.16&#8243; _dynamic_attributes=&#8221;link_option_url&#8221; _module_preset=&#8221;default&#8221; text_text_color=&#8221;#a31c27&#8243; text_font_size=&#8221;18px&#8221; link_option_url=&#8221;@ET-DC@eyJkeW5hbWljIjp0cnVlLCJjb250ZW50IjoicG9zdF9saW5rX3VybF9wYWdlIiwic2V0dGluZ3MiOnsicG9zdF9pZCI6IjU1MDIifX0=@&#8221; global_colors_info=&#8221;{}&#8221;]<\/p>\n<p style=\"text-align: center;\"><strong>THE IBERIAN SENSE AWAKENS IN THE GRAND FINAL OF THE CHEF OF THE YEAR CONTEST<\/strong><\/p>\n<p>[\/et_pb_text][\/et_pb_column][\/et_pb_row][et_pb_row column_structure=&#8221;1_3,1_3,1_3&#8243; use_custom_gutter=&#8221;on&#8221; gutter_width=&#8221;2&#8243; disabled_on=&#8221;off|off|off&#8221; _builder_version=&#8221;4.16&#8243; _module_preset=&#8221;default&#8221; global_colors_info=&#8221;{}&#8221;][et_pb_column type=&#8221;1_3&#8243; _builder_version=&#8221;4.16&#8243; _module_preset=&#8221;default&#8221; global_colors_info=&#8221;{}&#8221;][et_pb_image src=&#8221;https:\/\/jamonesibericoseu.eu\/wp-content\/uploads\/2023\/04\/media_tasting_table_event_fr_portada.jpg&#8221; title_text=&#8221;media_tasting_table_event_fr_portada&#8221; url=&#8221;@ET-DC@eyJkeW5hbWljIjp0cnVlLCJjb250ZW50IjoicG9zdF9saW5rX3VybF9wYWdlIiwic2V0dGluZ3MiOnsicG9zdF9pZCI6IjY0MjAifX0=@&#8221; _builder_version=&#8221;4.16&#8243; _dynamic_attributes=&#8221;url&#8221; _module_preset=&#8221;default&#8221; global_colors_info=&#8221;{}&#8221;][\/et_pb_image][et_pb_text _builder_version=&#8221;4.16&#8243; _dynamic_attributes=&#8221;link_option_url&#8221; _module_preset=&#8221;default&#8221; text_text_color=&#8221;#a31c27&#8243; text_font_size=&#8221;18px&#8221; link_option_url=&#8221;@ET-DC@eyJkeW5hbWljIjp0cnVlLCJjb250ZW50IjoicG9zdF9saW5rX3VybF9wYWdlIiwic2V0dGluZ3MiOnsicG9zdF9pZCI6IjY0MjAifX0=@&#8221; global_colors_info=&#8221;{}&#8221;]<\/p>\n<p style=\"text-align: center;\"><strong>THIS IS HOW WE AWAKEN THE IBERIAN SENSE IN THE FRENCH MEDIA<\/strong><\/p>\n<p>[\/et_pb_text][\/et_pb_column][et_pb_column type=&#8221;1_3&#8243; _builder_version=&#8221;4.16&#8243; _module_preset=&#8221;default&#8221; global_colors_info=&#8221;{}&#8221;][et_pb_image src=&#8221;https:\/\/jamonesibericoseu.eu\/wp-content\/uploads\/2023\/04\/media_tasting_event_de_portada.jpg&#8221; title_text=&#8221;media_tasting_event_de_portada&#8221; url=&#8221;@ET-DC@eyJkeW5hbWljIjp0cnVlLCJjb250ZW50IjoicG9zdF9saW5rX3VybF9wYWdlIiwic2V0dGluZ3MiOnsicG9zdF9pZCI6IjYxMzMifX0=@&#8221; _builder_version=&#8221;4.16&#8243; _dynamic_attributes=&#8221;url&#8221; _module_preset=&#8221;default&#8221; global_colors_info=&#8221;{}&#8221;][\/et_pb_image][et_pb_text _builder_version=&#8221;4.16&#8243; _dynamic_attributes=&#8221;link_option_url&#8221; _module_preset=&#8221;default&#8221; text_text_color=&#8221;#a31c27&#8243; text_font_size=&#8221;18px&#8221; link_option_url=&#8221;@ET-DC@eyJkeW5hbWljIjp0cnVlLCJjb250ZW50IjoicG9zdF9saW5rX3VybF9wYWdlIiwic2V0dGluZ3MiOnsicG9zdF9pZCI6IjYxMzMifX0=@&#8221; global_colors_info=&#8221;{}&#8221;]<\/p>\n<p style=\"text-align: center;\"><strong>THIS IS HOW WE AWAKEN THE IBERIAN SENSE IN THE GERMAN MEDIA<\/strong><\/p>\n<p>[\/et_pb_text][\/et_pb_column][et_pb_column type=&#8221;1_3&#8243; _builder_version=&#8221;4.16&#8243; _module_preset=&#8221;default&#8221; global_colors_info=&#8221;{}&#8221;][et_pb_image src=&#8221;https:\/\/jamonesibericoseu.eu\/wp-content\/uploads\/2023\/02\/Cristina-Castan\u0303o-eventos.jpg&#8221; title_text=&#8221;Cristina Castan\u0303o eventos&#8221; url=&#8221;@ET-DC@eyJkeW5hbWljIjp0cnVlLCJjb250ZW50IjoicG9zdF9saW5rX3VybF9wYWdlIiwic2V0dGluZ3MiOnsicG9zdF9pZCI6IjY4OTAifX0=@&#8221; _builder_version=&#8221;4.16&#8243; _dynamic_attributes=&#8221;url&#8221; _module_preset=&#8221;default&#8221; global_colors_info=&#8221;{}&#8221;][\/et_pb_image][et_pb_text _builder_version=&#8221;4.16&#8243; _dynamic_attributes=&#8221;link_option_url&#8221; _module_preset=&#8221;default&#8221; text_text_color=&#8221;#a31c27&#8243; text_font_size=&#8221;18px&#8221; link_option_url=&#8221;@ET-DC@eyJkeW5hbWljIjp0cnVlLCJjb250ZW50IjoicG9zdF9saW5rX3VybF9wYWdlIiwic2V0dGluZ3MiOnsicG9zdF9pZCI6IjY4OTAifX0=@&#8221; global_colors_info=&#8221;{}&#8221;]<\/p>\n<p style=\"text-align: center;\"><strong>LIGHTS, CAMERA, AND HAM!<\/strong><\/p>\n<p>[\/et_pb_text][\/et_pb_column][\/et_pb_row][et_pb_row column_structure=&#8221;1_3,1_3,1_3&#8243; use_custom_gutter=&#8221;on&#8221; gutter_width=&#8221;2&#8243; _builder_version=&#8221;4.16&#8243; _module_preset=&#8221;default&#8221; global_colors_info=&#8221;{}&#8221;][et_pb_column type=&#8221;1_3&#8243; _builder_version=&#8221;4.16&#8243; _module_preset=&#8221;default&#8221; global_colors_info=&#8221;{}&#8221;][et_pb_image src=&#8221;https:\/\/jamonesibericoseu.eu\/wp-content\/uploads\/2023\/04\/taste_of_paris_fr_portada.jpg&#8221; title_text=&#8221;taste_of_paris_fr_portada&#8221; url=&#8221;@ET-DC@eyJkeW5hbWljIjp0cnVlLCJjb250ZW50IjoicG9zdF9saW5rX3VybF9wYWdlIiwic2V0dGluZ3MiOnsicG9zdF9pZCI6IjYzMTYifX0=@&#8221; _builder_version=&#8221;4.16&#8243; _dynamic_attributes=&#8221;url&#8221; _module_preset=&#8221;default&#8221; global_colors_info=&#8221;{}&#8221;][\/et_pb_image][et_pb_text _builder_version=&#8221;4.16&#8243; _dynamic_attributes=&#8221;link_option_url&#8221; _module_preset=&#8221;default&#8221; text_text_color=&#8221;#a31c27&#8243; text_font_size=&#8221;18px&#8221; link_option_url=&#8221;@ET-DC@eyJkeW5hbWljIjp0cnVlLCJjb250ZW50IjoicG9zdF9saW5rX3VybF9wYWdlIiwic2V0dGluZ3MiOnsicG9zdF9pZCI6IjYzMTYifX0=@&#8221; global_colors_info=&#8221;{}&#8221;]<\/p>\n<p style=\"text-align: center;\"><strong>THE IBERIAN SENSE AWAKENS AT THE TASTE OF PARIS GASTRONOMIC EVENT<\/strong><\/p>\n<p>[\/et_pb_text][\/et_pb_column][et_pb_column type=&#8221;1_3&#8243; _builder_version=&#8221;4.16&#8243; _module_preset=&#8221;default&#8221; global_colors_info=&#8221;{}&#8221;][et_pb_image src=&#8221;https:\/\/jamonesibericoseu.eu\/wp-content\/uploads\/2022\/09\/embajada_paris_00.jpg&#8221; title_text=&#8221;embajada_paris_00&#8243; url=&#8221;@ET-DC@eyJkeW5hbWljIjp0cnVlLCJjb250ZW50IjoicG9zdF9saW5rX3VybF9wYWdlIiwic2V0dGluZ3MiOnsicG9zdF9pZCI6IjUwMDkifX0=@&#8221; _builder_version=&#8221;4.16&#8243; _dynamic_attributes=&#8221;url&#8221; _module_preset=&#8221;default&#8221; global_colors_info=&#8221;{}&#8221;][\/et_pb_image][et_pb_text _builder_version=&#8221;4.16&#8243; _dynamic_attributes=&#8221;link_option_url&#8221; _module_preset=&#8221;default&#8221; text_text_color=&#8221;#a31c27&#8243; text_font_size=&#8221;18px&#8221; link_option_url=&#8221;@ET-DC@eyJkeW5hbWljIjp0cnVlLCJjb250ZW50IjoicG9zdF9saW5rX3VybF9wYWdlIiwic2V0dGluZ3MiOnsicG9zdF9pZCI6IjUwMDkifX0=@&#8221; global_colors_info=&#8221;{}&#8221;]<\/p>\n<p style=\"text-align: center;\"><strong>PARIS DRESSES FOR THE OCCASION TO AWAKEN ITS IB\u00c9RICO SENSE<\/strong><\/p>\n<p>[\/et_pb_text][\/et_pb_column][et_pb_column type=&#8221;1_3&#8243; _builder_version=&#8221;4.16&#8243; _module_preset=&#8221;default&#8221; global_colors_info=&#8221;{}&#8221;][et_pb_image src=&#8221;https:\/\/jamonesibericoseu.eu\/wp-content\/uploads\/2022\/09\/cannes_00.jpg&#8221; title_text=&#8221;cannes_00&#8243; url=&#8221;@ET-DC@eyJkeW5hbWljIjp0cnVlLCJjb250ZW50IjoicG9zdF9saW5rX3VybF9wYWdlIiwic2V0dGluZ3MiOnsicG9zdF9pZCI6IjUwMDYifX0=@&#8221; _builder_version=&#8221;4.16&#8243; _dynamic_attributes=&#8221;url&#8221; _module_preset=&#8221;default&#8221; global_colors_info=&#8221;{}&#8221;][\/et_pb_image][et_pb_text _builder_version=&#8221;4.16&#8243; _dynamic_attributes=&#8221;link_option_url&#8221; _module_preset=&#8221;default&#8221; text_text_color=&#8221;#a31c27&#8243; text_font_size=&#8221;18px&#8221; link_option_url=&#8221;@ET-DC@eyJkeW5hbWljIjp0cnVlLCJjb250ZW50IjoicG9zdF9saW5rX3VybF9wYWdlIiwic2V0dGluZ3MiOnsicG9zdF9pZCI6IjUwMDYifX0=@&#8221; global_colors_info=&#8221;{}&#8221;]<\/p>\n<p style=\"text-align: center;\"><strong>THE IB\u00c9RICO SENSE NOTABLE AT CANNES FESTIVAL<\/strong><\/p>\n<p>[\/et_pb_text][\/et_pb_column][\/et_pb_row][et_pb_row column_structure=&#8221;1_3,1_3,1_3&#8243; use_custom_gutter=&#8221;on&#8221; gutter_width=&#8221;2&#8243; _builder_version=&#8221;4.16&#8243; _module_preset=&#8221;default&#8221; global_colors_info=&#8221;{}&#8221;][et_pb_column type=&#8221;1_3&#8243; _builder_version=&#8221;4.16&#8243; _module_preset=&#8221;default&#8221; global_colors_info=&#8221;{}&#8221;][et_pb_image src=&#8221;https:\/\/jamonesibericoseu.eu\/wp-content\/uploads\/2022\/09\/koch_des_jahres_00.jpg&#8221; title_text=&#8221;koch_des_jahres_00&#8243; url=&#8221;@ET-DC@eyJkeW5hbWljIjp0cnVlLCJjb250ZW50IjoicG9zdF9saW5rX3VybF9wYWdlIiwic2V0dGluZ3MiOnsicG9zdF9pZCI6IjQ5MDQifX0=@&#8221; _builder_version=&#8221;4.16&#8243; _dynamic_attributes=&#8221;url&#8221; _module_preset=&#8221;default&#8221; global_colors_info=&#8221;{}&#8221;][\/et_pb_image][et_pb_text _builder_version=&#8221;4.16&#8243; _dynamic_attributes=&#8221;link_option_url&#8221; _module_preset=&#8221;default&#8221; text_text_color=&#8221;#a31c27&#8243; text_font_size=&#8221;18px&#8221; link_option_url=&#8221;@ET-DC@eyJkeW5hbWljIjp0cnVlLCJjb250ZW50IjoicG9zdF9saW5rX3VybF9wYWdlIiwic2V0dGluZ3MiOnsicG9zdF9pZCI6IjUwMDMifX0=@&#8221; global_colors_info=&#8221;{}&#8221;]<\/p>\n<p style=\"text-align: center;\"><strong>THE IB\u00c9RICO SENSE NOTABLE IN THE CHEF OF THE YEAR COOKING CONTEST<\/strong><\/p>\n<p>[\/et_pb_text][\/et_pb_column][et_pb_column type=&#8221;1_3&#8243; _builder_version=&#8221;4.16&#8243; _module_preset=&#8221;default&#8221; global_colors_info=&#8221;{}&#8221;][et_pb_image src=&#8221;https:\/\/jamonesibericoseu.eu\/wp-content\/uploads\/2022\/04\/Concurso_cortadores_b.jpg&#8221; title_text=&#8221;Concurso_cortadores_b&#8221; url=&#8221;@ET-DC@eyJkeW5hbWljIjp0cnVlLCJjb250ZW50IjoicG9zdF9saW5rX3VybF9wYWdlIiwic2V0dGluZ3MiOnsicG9zdF9pZCI6IjQ2NDkifX0=@&#8221; _builder_version=&#8221;4.16&#8243; _dynamic_attributes=&#8221;url&#8221; _module_preset=&#8221;default&#8221; global_colors_info=&#8221;{}&#8221;][\/et_pb_image][et_pb_text _builder_version=&#8221;4.16&#8243; _dynamic_attributes=&#8221;link_option_url&#8221; _module_preset=&#8221;default&#8221; text_text_color=&#8221;#a31c27&#8243; text_font_size=&#8221;18px&#8221; link_option_url=&#8221;@ET-DC@eyJkeW5hbWljIjp0cnVlLCJjb250ZW50IjoicG9zdF9saW5rX3VybF9wYWdlIiwic2V0dGluZ3MiOnsicG9zdF9pZCI6IjQ2NDkifX0=@&#8221; global_colors_info=&#8221;{}&#8221;]<\/p>\n<p style=\"text-align: center;\"><strong>THE FIRST INTERNATIONAL JAM\u00d3N IB\u00c9RICO CUTTING CONTEST<\/strong><\/p>\n<p>[\/et_pb_text][\/et_pb_column][et_pb_column type=&#8221;1_3&#8243; _builder_version=&#8221;4.16&#8243; _module_preset=&#8221;default&#8221; global_colors_info=&#8221;{}&#8221;][et_pb_image src=&#8221;https:\/\/jamonesibericoseu.eu\/wp-content\/uploads\/2022\/04\/Escuela-corte.jpg&#8221; title_text=&#8221;Escuela-corte&#8221; url=&#8221;@ET-DC@eyJkeW5hbWljIjp0cnVlLCJjb250ZW50IjoicG9zdF9saW5rX3VybF9wYWdlIiwic2V0dGluZ3MiOnsicG9zdF9pZCI6IjQ2MTYifX0=@&#8221; _builder_version=&#8221;4.16&#8243; _dynamic_attributes=&#8221;url&#8221; _module_preset=&#8221;default&#8221; global_colors_info=&#8221;{}&#8221;][\/et_pb_image][et_pb_text _builder_version=&#8221;4.16&#8243; _dynamic_attributes=&#8221;link_option_url&#8221; _module_preset=&#8221;default&#8221; text_text_color=&#8221;#a31c27&#8243; text_font_size=&#8221;18px&#8221; link_option_url=&#8221;@ET-DC@eyJkeW5hbWljIjp0cnVlLCJjb250ZW50IjoicG9zdF9saW5rX3VybF9wYWdlIiwic2V0dGluZ3MiOnsicG9zdF9pZCI6IjQ2MTYifX0=@&#8221; global_colors_info=&#8221;{}&#8221;]<\/p>\n<p style=\"text-align: center;\"><strong>INTERNATIONAL JAM\u00d3N IB\u00c9RICO CUTTING CONTEST FOR STUDENTS OF HOSPITALITY SCHOOLS<\/strong><\/p>\n<p>[\/et_pb_text][\/et_pb_column][\/et_pb_row][et_pb_row column_structure=&#8221;1_3,1_3,1_3&#8243; use_custom_gutter=&#8221;on&#8221; gutter_width=&#8221;2&#8243; _builder_version=&#8221;4.16&#8243; _module_preset=&#8221;default&#8221; global_colors_info=&#8221;{}&#8221;][et_pb_column type=&#8221;1_3&#8243; _builder_version=&#8221;4.16&#8243; _module_preset=&#8221;default&#8221; global_colors_info=&#8221;{}&#8221;][et_pb_image src=&#8221;https:\/\/jamonesibericoseu.eu\/wp-content\/uploads\/2022\/01\/presentacion_03.jpg&#8221; title_text=&#8221;presentacion_03&#8243; url=&#8221;@ET-DC@eyJkeW5hbWljIjp0cnVlLCJjb250ZW50IjoicG9zdF9saW5rX3VybF9wYWdlIiwic2V0dGluZ3MiOnsicG9zdF9pZCI6IjM4NzMifX0=@&#8221; _builder_version=&#8221;4.16&#8243; _dynamic_attributes=&#8221;url&#8221; _module_preset=&#8221;default&#8221; global_colors_info=&#8221;{}&#8221;][\/et_pb_image][et_pb_text _builder_version=&#8221;4.16&#8243; _dynamic_attributes=&#8221;link_option_url&#8221; _module_preset=&#8221;default&#8221; text_text_color=&#8221;#a31c27&#8243; text_font_size=&#8221;18px&#8221; link_option_url=&#8221;@ET-DC@eyJkeW5hbWljIjp0cnVlLCJjb250ZW50IjoicG9zdF9saW5rX3VybF9wYWdlIiwic2V0dGluZ3MiOnsicG9zdF9pZCI6IjQyNzcifX0=@&#8221; global_colors_info=&#8221;{}&#8221;]<\/p>\n<p style=\"text-align: center;\"><strong>THE PRESENTATION EVENT<\/strong><\/p>\n<p>[\/et_pb_text][\/et_pb_column][et_pb_column type=&#8221;1_3&#8243; _builder_version=&#8221;4.16&#8243; _module_preset=&#8221;default&#8221; global_colors_info=&#8221;{}&#8221;][et_pb_image src=&#8221;https:\/\/jamonesibericoseu.eu\/wp-content\/uploads\/2022\/01\/anuga_04.jpg&#8221; title_text=&#8221;anuga_04&#8243; url=&#8221;@ET-DC@eyJkeW5hbWljIjp0cnVlLCJjb250ZW50IjoicG9zdF9saW5rX3VybF9wYWdlIiwic2V0dGluZ3MiOnsicG9zdF9pZCI6IjM5MTkifX0=@&#8221; _builder_version=&#8221;4.16&#8243; _dynamic_attributes=&#8221;url&#8221; _module_preset=&#8221;default&#8221; global_colors_info=&#8221;{}&#8221;][\/et_pb_image][et_pb_text _builder_version=&#8221;4.16&#8243; _dynamic_attributes=&#8221;link_option_url&#8221; _module_preset=&#8221;default&#8221; text_text_color=&#8221;#a31c27&#8243; text_font_size=&#8221;18px&#8221; link_option_url=&#8221;@ET-DC@eyJkeW5hbWljIjp0cnVlLCJjb250ZW50IjoicG9zdF9saW5rX3VybF9wYWdlIiwic2V0dGluZ3MiOnsicG9zdF9pZCI6IjQyODYifX0=@&#8221; global_colors_info=&#8221;{}&#8221;]<\/p>\n<p style=\"text-align: center;\"><strong>CHEF OF THE YEAR EVENT &#8211; ANUGA<\/strong><\/p>\n<p>[\/et_pb_text][\/et_pb_column][et_pb_column type=&#8221;1_3&#8243; _builder_version=&#8221;4.16&#8243; _module_preset=&#8221;default&#8221; global_colors_info=&#8221;{}&#8221;][et_pb_image src=&#8221;https:\/\/jamonesibericoseu.eu\/wp-content\/uploads\/2022\/01\/san_sebastian_12.jpg&#8221; title_text=&#8221;san_sebastian_12&#8243; url=&#8221;@ET-DC@eyJkeW5hbWljIjp0cnVlLCJjb250ZW50IjoicG9zdF9saW5rX3VybF9wYWdlIiwic2V0dGluZ3MiOnsicG9zdF9pZCI6IjM5MjgifX0=@&#8221; _builder_version=&#8221;4.16&#8243; _dynamic_attributes=&#8221;url&#8221; _module_preset=&#8221;default&#8221; global_colors_info=&#8221;{}&#8221;][\/et_pb_image][et_pb_text _builder_version=&#8221;4.16&#8243; _dynamic_attributes=&#8221;link_option_url&#8221; _module_preset=&#8221;default&#8221; text_text_color=&#8221;#a31c27&#8243; text_font_size=&#8221;18px&#8221; link_option_url=&#8221;@ET-DC@eyJkeW5hbWljIjp0cnVlLCJjb250ZW50IjoicG9zdF9saW5rX3VybF9wYWdlIiwic2V0dGluZ3MiOnsicG9zdF9pZCI6IjM5MjgifX0=@&#8221; global_colors_info=&#8221;{}&#8221;]<\/p>\n<p style=\"text-align: center;\"><strong>SAN SEBASTI\u00c1N FILM FESTIVAL<\/strong><\/p>\n<p>[\/et_pb_text][\/et_pb_column][\/et_pb_row][\/et_pb_section]<\/p>\n","protected":false},"excerpt":{"rendered":"<p>EVENTSSHOWCOOKING INTERNATIONALMERT ARMAN, WINNER OF THE 3RD EDITION OF THE INTERNATIONAL HAM CUTTING COMPETITION OF \u201cJAMONES IB\u00c9RICOS FROM SPAIN, AMBASSADORS OF EUROPE IN THE WORLD\u201dJAM\u00d3N IB\u00c9RICO &#8211; THE STAR OF AN EXCLUSIVE GASTRONOMIC EVENT IN SEVILLE LED BY MARIO SANDOVALAWAKENING THE IB\u00c9RICO SENSE OF THE PRESS IN SEVILLEJAM\u00d3N IB\u00c9RICO &#8211; OFFICIAL SPONSOR OF THE PRESTIGIOUS KOCH DES JAHRES COMPETITIONTHE IBERIAN SENSE AWAKENS IN BERLIN TO KICK OFF THE THIRD YEAR OF THE CAMPAIGNFIND OUT EVERYTHING ABOUT THE SECOND EDITION OF THE INTERNATIONAL IBERIAN HAM CUTTING COMPETITIONTHE IBERIAN SENSE AWAKENS AMONG FUTURE PROFESSIONALS IN THE HOSPITALITY SECTORTHE IBERIAN SENSE AWAKENS AMONG FUTURE PROFESSIONALS IN THE PARIS HOSPITALITY SECTORTHE IBERIAN SENSE AWAKENS AMONG THE FUTURE PROFESSIONALS OF THE HOSPITALITY SECTOR IN BERLINTHE IBERIAN SENSE AWAKENS AMONG THE BEST CHEFS IN SPAINTHE IBERIAN SENSE AWAKENS IN THE GRAND FINAL OF THE CHEF OF THE YEAR CONTESTTHIS IS HOW WE AWAKEN THE IBERIAN SENSE IN THE FRENCH MEDIATHIS IS HOW WE AWAKEN THE IBERIAN SENSE IN THE GERMAN MEDIALIGHTS, CAMERA, AND HAM!THE IBERIAN SENSE AWAKENS AT THE TASTE OF PARIS GASTRONOMIC EVENTPARIS DRESSES FOR THE OCCASION TO AWAKEN ITS IB\u00c9RICO SENSETHE IB\u00c9RICO SENSE NOTABLE AT CANNES FESTIVALTHE IB\u00c9RICO SENSE NOTABLE IN THE CHEF OF [&hellip;]<\/p>\n","protected":false},"author":1,"featured_media":0,"parent":0,"menu_order":1,"comment_status":"closed","ping_status":"closed","template":"","meta":{"_et_pb_use_builder":"on","_et_pb_old_content":"","_et_gb_content_width":"","footnotes":""},"class_list":["post-4281","page","type-page","status-publish","hentry"],"_links":{"self":[{"href":"https:\/\/jamonesibericoseu.eu\/en\/wp-json\/wp\/v2\/pages\/4281","targetHints":{"allow":["GET"]}}],"collection":[{"href":"https:\/\/jamonesibericoseu.eu\/en\/wp-json\/wp\/v2\/pages"}],"about":[{"href":"https:\/\/jamonesibericoseu.eu\/en\/wp-json\/wp\/v2\/types\/page"}],"author":[{"embeddable":true,"href":"https:\/\/jamonesibericoseu.eu\/en\/wp-json\/wp\/v2\/users\/1"}],"replies":[{"embeddable":true,"href":"https:\/\/jamonesibericoseu.eu\/en\/wp-json\/wp\/v2\/comments?post=4281"}],"version-history":[{"count":33,"href":"https:\/\/jamonesibericoseu.eu\/en\/wp-json\/wp\/v2\/pages\/4281\/revisions"}],"predecessor-version":[{"id":8990,"href":"https:\/\/jamonesibericoseu.eu\/en\/wp-json\/wp\/v2\/pages\/4281\/revisions\/8990"}],"wp:attachment":[{"href":"https:\/\/jamonesibericoseu.eu\/en\/wp-json\/wp\/v2\/media?parent=4281"}],"curies":[{"name":"wp","href":"https:\/\/api.w.org\/{rel}","templated":true}]}}