{"id":8181,"date":"2024-02-06T16:05:37","date_gmt":"2024-02-06T16:05:37","guid":{"rendered":"https:\/\/jamonesibericoseu.eu\/veranstaltungen\/jamon-iberico-offizieller-sponsor-des-prestigetraechtigen-wettbewerbs-koch-des-jahres\/"},"modified":"2024-02-06T16:06:48","modified_gmt":"2024-02-06T16:06:48","slug":"jamon-iberico-offizieller-sponsor-des-prestigetraechtigen-wettbewerbs-koch-des-jahres","status":"publish","type":"page","link":"https:\/\/jamonesibericoseu.eu\/de\/veranstaltungen\/jamon-iberico-offizieller-sponsor-des-prestigetraechtigen-wettbewerbs-koch-des-jahres\/","title":{"rendered":"Jam\u00f3n Ib\u00e9rico \u2013 Offizieller sponsor des prestigetr\u00e4chtigen wettbewerbs \u201eKoch Des Jahres\u201c"},"content":{"rendered":"<p>[et_pb_section fb_built=&#8220;1&#8243; _builder_version=&#8220;4.10.8&#8243; _module_preset=&#8220;default&#8220; global_colors_info=&#8220;{}&#8220;][et_pb_row _builder_version=&#8220;4.10.8&#8243; _module_preset=&#8220;default&#8220; global_colors_info=&#8220;{}&#8220;][et_pb_column type=&#8220;4_4&#8243; _builder_version=&#8220;4.10.8&#8243; _module_preset=&#8220;default&#8220; global_colors_info=&#8220;{}&#8220;][et_pb_text _builder_version=&#8220;4.13.0&#8243; _module_preset=&#8220;default&#8220; text_font_size=&#8220;16px&#8220; header_font=&#8220;|700||on|||||&#8220; header_text_align=&#8220;center&#8220; header_text_color=&#8220;#a31c27&#8243; header_2_font=&#8220;|700||on|||||&#8220; header_2_text_align=&#8220;center&#8220; header_2_text_color=&#8220;#a31c27&#8243; header_2_font_size=&#8220;30px&#8220; header_2_line_height=&#8220;1.2em&#8220; background_color=&#8220;RGBA(0,0,0,0)&#8220; z_index=&#8220;500&#8243; width=&#8220;80%&#8220; module_alignment=&#8220;center&#8220; sticky_limit_bottom=&#8220;body&#8220; global_colors_info=&#8220;{}&#8220;]<\/p>\n<h2>JAM\u00d3N IB\u00c9RICO \u2013 OFFIZIELLER SPONSOR DES PRESTIGETR\u00c4CHTIGEN WETTBEWERBS \u201eKOCH DES JAHRES\u201c<\/h2>\n<p>[\/et_pb_text][et_pb_text _builder_version=&#8220;4.13.0&#8243; _module_preset=&#8220;default&#8220; text_font_size=&#8220;16px&#8220; header_font=&#8220;|700||on|||||&#8220; header_text_color=&#8220;#a31c27&#8243; header_2_font=&#8220;|700||on|||||&#8220; header_2_text_color=&#8220;#a31c27&#8243; header_2_font_size=&#8220;30px&#8220; background_color=&#8220;RGBA(0,0,0,0)&#8220; z_index=&#8220;500&#8243; sticky_limit_bottom=&#8220;body&#8220; hover_enabled=&#8220;0&#8243; global_colors_info=&#8220;{}&#8220; sticky_enabled=&#8220;0&#8243;]<\/p>\n<p>Der Jam\u00f3n Ib\u00e9rico <span>stand im Rahmen des in Deutschland am <strong>15.\u00a0November <\/strong>stattgefundenen Wettbewerbs <strong>\u201eKoch des Jahres\u201c, <\/strong>eines der renommiertesten Kochwettbewerbe der internationalen Szene, erneut im Mittelpunkt\u00a0\u2013\u00a0und dies nicht nur als Verkostungspunkt f\u00fcr das Produkt, sondern auch als Hauptdarsteller verschiedener Rezepte, die von den Teilnehmern in den vorangegangenen Runden und w\u00e4hrend des gro\u00dfen Finales zubereitet wurden. Auch in diesem Jahr traten verschiedene K\u00f6che mit Gerichten an, die mit iberischen Produkten zubereitet wurden, darunter das Rezept <strong>\u201eSchwarze Tigergarnele mit iberischem Schinken, Sudachi und Satey-Sauce\u201c von Peter Leibetseder <\/strong>und die<strong> \u201eFriesenkronen-Fischb\u00e4llchen, Castello Blue, iberischer Schinken und Boiron-Feige\u201c von Simon Scheuerlein.<\/strong><\/span><\/p>\n<p><span>Ra\u00fal Garc\u00eda, Pr\u00e4sident des ASICI, wollte die Bedeutung der F\u00f6rderung eines Wettbewerbs mit diesen Merkmalen verdeutlichen, um somit die Pr\u00e4senz des iberischen Schinkens auf dem deutschen Markt zu st\u00e4rken und Verbindungen zur Haute Cuisine herzustellen. <\/span><\/p>\n<p><span>Der Titel \u201eKoch des Jahres\u201c ging an den spanischen K\u00fcchenchef <strong>Miguel Marqu\u00e9s,<\/strong> Chefkoch im Alois by Dallmayr** in M\u00fcnchen. Sein originelles Men\u00fc, das \u00dcberraschungszutaten aus der Black Box enthielt, verhalf ihm zum Sieg in diesem renommierten Wettbewerb, an dem mehr als 400 Kochtalente teilnahmen. Marqu\u00e9s erhielt zusammen mit den anderen Teilnehmern des gro\u00dfen Finales einen Jam\u00f3n Ib\u00e9rico als Anerkennung f\u00fcr ihre harte Arbeit w\u00e4hrend des Wettbewerbs.<\/span><\/p>\n<p><span>Den Jurytisch des diesj\u00e4hrigen Wettbewerbs \u201eKoch des Jahres\u201c bildete erneut eine hochkar\u00e4tige Spitzenjury, welche sich aus renommierten Spitzenk\u00f6chen wie Dieter M\u00fcller sowie anderen Spitzenk\u00f6chen wie Michael Torsten, Juan Amador, Oriol Castro, Erik Vilgaard, Sven Wassmer, Sebasti\u00e1n Franco, Martin Klein, Marco M\u00fcller und Martina Puigvert Puigdevall zusammensetzte.<\/span><\/p>\n<p>[\/et_pb_text][\/et_pb_column][\/et_pb_row][et_pb_row use_custom_gutter=&#8220;on&#8220; gutter_width=&#8220;2&#8243; _builder_version=&#8220;4.13.0&#8243; _module_preset=&#8220;default&#8220; global_colors_info=&#8220;{}&#8220;][et_pb_column type=&#8220;4_4&#8243; _builder_version=&#8220;4.13.0&#8243; _module_preset=&#8220;default&#8220; global_colors_info=&#8220;{}&#8220;][et_pb_gallery gallery_ids=&#8220;0,7462,7466,7470,7474,7478&#8243; posts_number=&#8220;%22150%22&#8243; show_title_and_caption=&#8220;%22off%22&#8243; show_pagination=&#8220;%22off%22&#8243; _builder_version=&#8220;%224.13.0%22&#8243; _module_preset=&#8220;%22default%22&#8243; global_colors_info=&#8220;%22{}%22&#8243;][\/et_pb_gallery][\/et_pb_column][\/et_pb_row][\/et_pb_section]<\/p>\n","protected":false},"excerpt":{"rendered":"<p>JAM\u00d3N IB\u00c9RICO \u2013 OFFIZIELLER SPONSOR DES PRESTIGETR\u00c4CHTIGEN WETTBEWERBS \u201eKOCH DES JAHRES\u201cDer Jam\u00f3n Ib\u00e9rico stand im Rahmen des in Deutschland am 15.\u00a0November stattgefundenen Wettbewerbs \u201eKoch des Jahres\u201c, eines der renommiertesten Kochwettbewerbe der internationalen Szene, erneut im Mittelpunkt\u00a0\u2013\u00a0und dies nicht nur als Verkostungspunkt f\u00fcr das Produkt, sondern auch als Hauptdarsteller verschiedener Rezepte, die von den Teilnehmern in den vorangegangenen Runden und w\u00e4hrend des gro\u00dfen Finales zubereitet wurden. Auch in diesem Jahr traten verschiedene K\u00f6che mit Gerichten an, die mit iberischen Produkten zubereitet wurden, darunter das Rezept \u201eSchwarze Tigergarnele mit iberischem Schinken, Sudachi und Satey-Sauce\u201c von Peter Leibetseder und die \u201eFriesenkronen-Fischb\u00e4llchen, Castello Blue, iberischer Schinken und Boiron-Feige\u201c von Simon Scheuerlein. Ra\u00fal Garc\u00eda, Pr\u00e4sident des ASICI, wollte die Bedeutung der F\u00f6rderung eines Wettbewerbs mit diesen Merkmalen verdeutlichen, um somit die Pr\u00e4senz des iberischen Schinkens auf dem deutschen Markt zu st\u00e4rken und Verbindungen zur Haute Cuisine herzustellen. Der Titel \u201eKoch des Jahres\u201c ging an den spanischen K\u00fcchenchef Miguel Marqu\u00e9s, Chefkoch im Alois by Dallmayr** in M\u00fcnchen. Sein originelles Men\u00fc, das \u00dcberraschungszutaten aus der Black Box enthielt, verhalf ihm zum Sieg in diesem renommierten Wettbewerb, an dem mehr als 400 Kochtalente teilnahmen. Marqu\u00e9s erhielt zusammen mit den anderen Teilnehmern des gro\u00dfen Finales einen Jam\u00f3n Ib\u00e9rico als [&hellip;]<\/p>\n","protected":false},"author":1,"featured_media":0,"parent":4338,"menu_order":1,"comment_status":"closed","ping_status":"closed","template":"","meta":{"_et_pb_use_builder":"on","_et_pb_old_content":"","_et_gb_content_width":"","footnotes":""},"class_list":["post-8181","page","type-page","status-publish","hentry"],"_links":{"self":[{"href":"https:\/\/jamonesibericoseu.eu\/de\/wp-json\/wp\/v2\/pages\/8181","targetHints":{"allow":["GET"]}}],"collection":[{"href":"https:\/\/jamonesibericoseu.eu\/de\/wp-json\/wp\/v2\/pages"}],"about":[{"href":"https:\/\/jamonesibericoseu.eu\/de\/wp-json\/wp\/v2\/types\/page"}],"author":[{"embeddable":true,"href":"https:\/\/jamonesibericoseu.eu\/de\/wp-json\/wp\/v2\/users\/1"}],"replies":[{"embeddable":true,"href":"https:\/\/jamonesibericoseu.eu\/de\/wp-json\/wp\/v2\/comments?post=8181"}],"version-history":[{"count":5,"href":"https:\/\/jamonesibericoseu.eu\/de\/wp-json\/wp\/v2\/pages\/8181\/revisions"}],"predecessor-version":[{"id":8186,"href":"https:\/\/jamonesibericoseu.eu\/de\/wp-json\/wp\/v2\/pages\/8181\/revisions\/8186"}],"up":[{"embeddable":true,"href":"https:\/\/jamonesibericoseu.eu\/de\/wp-json\/wp\/v2\/pages\/4338"}],"wp:attachment":[{"href":"https:\/\/jamonesibericoseu.eu\/de\/wp-json\/wp\/v2\/media?parent=8181"}],"curies":[{"name":"wp","href":"https:\/\/api.w.org\/{rel}","templated":true}]}}