{"id":4622,"date":"2022-04-18T11:10:33","date_gmt":"2022-04-18T11:10:33","guid":{"rendered":"https:\/\/jamonesibericoseu.eu\/veranstaltungen\/wettbewerb-fuer-schnittmeister-von-jamon-iberico-fuer-schueler-an-gastronomieschulen\/"},"modified":"2022-04-18T11:15:21","modified_gmt":"2022-04-18T11:15:21","slug":"wettbewerb-fuer-schnittmeister-von-jamon-iberico-fuer-schueler-an-gastronomieschulen","status":"publish","type":"page","link":"https:\/\/jamonesibericoseu.eu\/de\/veranstaltungen\/wettbewerb-fuer-schnittmeister-von-jamon-iberico-fuer-schueler-an-gastronomieschulen\/","title":{"rendered":"Wettbewerb f\u00fcr Schnittmeister von Jam\u00f3n Iberico f\u00fcr Sch\u00fcler an Gastronomieschulen"},"content":{"rendered":"<p>[et_pb_section fb_built=&#8220;1&#8243; _builder_version=&#8220;4.10.8&#8243; _module_preset=&#8220;default&#8220; global_colors_info=&#8220;{}&#8220;][et_pb_row _builder_version=&#8220;4.10.8&#8243; _module_preset=&#8220;default&#8220; global_colors_info=&#8220;{}&#8220;][et_pb_column type=&#8220;4_4&#8243; _builder_version=&#8220;4.10.8&#8243; _module_preset=&#8220;default&#8220; global_colors_info=&#8220;{}&#8220;][et_pb_text _builder_version=&#8220;4.13.0&#8243; _module_preset=&#8220;default&#8220; text_font_size=&#8220;16px&#8220; header_font=&#8220;|700||on|||||&#8220; header_text_align=&#8220;center&#8220; header_text_color=&#8220;#a31c27&#8243; header_2_font=&#8220;|700||on|||||&#8220; header_2_text_align=&#8220;center&#8220; header_2_text_color=&#8220;#a31c27&#8243; header_2_font_size=&#8220;30px&#8220; header_2_line_height=&#8220;1.2em&#8220; background_color=&#8220;RGBA(0,0,0,0)&#8220; z_index=&#8220;500&#8243; width=&#8220;80%&#8220; module_alignment=&#8220;center&#8220; sticky_limit_bottom=&#8220;body&#8220; global_colors_info=&#8220;{}&#8220;]<\/p>\n<h2>WETTBEWERB F\u00dcR SCHNITTMEISTER VON JAM\u00d3N IBERICO F\u00dcR SCH\u00dcLER AN GASTRONOMIESCHULEN<\/h2>\n<p>[\/et_pb_text][et_pb_text _builder_version=&#8220;4.13.0&#8243; _module_preset=&#8220;default&#8220; text_font_size=&#8220;16px&#8220; header_font=&#8220;|700||on|||||&#8220; header_text_color=&#8220;#a31c27&#8243; header_2_font=&#8220;|700||on|||||&#8220; header_2_text_color=&#8220;#a31c27&#8243; header_2_font_size=&#8220;30px&#8220; background_color=&#8220;RGBA(0,0,0,0)&#8220; z_index=&#8220;500&#8243; sticky_limit_bottom=&#8220;body&#8220; hover_enabled=&#8220;0&#8243; global_colors_info=&#8220;{}&#8220; sticky_enabled=&#8220;0&#8243;]<\/p>\n<p>Was ist der Geheimnis, wenn man den Jam\u00f3n gut schneiden will? Das Messer, die Unterlage, die Technik, eine Mischung aus theoretischen und praktischen Kenntnissen. Und nat\u00fcrlich: Ein guter Jam\u00f3n Ib\u00e9rico. Die Hotelschule IES Hotel Escuela in der Provinz Madrid war Gastgeber des 4. Internationalen Schnittwettbewerbs f\u00fcr Jam\u00f3n, der von ASICI organisiert wurde, mit dem Ziel, das Schneiden von Jam\u00f3n Ib\u00e9rico im Speisesaal sichtbar zu machen und die Figur des Schnittmeisters als au\u00dfergew\u00f6hnlichen Trendsetter in der Gastronomie hervorzuheben.<\/p>\n<p>F\u00fcnfzehn Sch\u00fcler verschiedener Nationalit\u00e4ten von renommierten Gastronomieschulen aus ganz Europa haben an dem Wettbewerb teilgenommen.<\/p>\n<p>Die Jury bestehend aus verschiedenen Schnittmeistern und K\u00f6chen hat jeden einzelnen Vorschlag genauestens verfolgt &#8211; und verkostet.<\/p>\n<p>Der Wettbewerb f\u00fcr Schnittmeister ist eine Schulungsveranstaltung im Rahmen der Promotionsprogramms f\u00fcr Jam\u00f3n Ib\u00e9rico aus Spanien, Europ\u00e4ische Botschafter in der Welt, mit dem der Ib\u00e9rico-Sektor mit der Unterst\u00fctzung der EU versucht, die Vielseitigkeit und Qualit\u00e4t einen zentralen Produktes der mediterranen K\u00fcche und eines emblematischen Kulturgut unseres Landes zu verbreiten.<\/p>\n<p>[\/et_pb_text][\/et_pb_column][\/et_pb_row][et_pb_row column_structure=&#8220;1_4,1_4,1_4,1_4&#8243; use_custom_gutter=&#8220;on&#8220; gutter_width=&#8220;2&#8243; _builder_version=&#8220;4.13.0&#8243; _module_preset=&#8220;default&#8220; global_colors_info=&#8220;{}&#8220;][et_pb_column type=&#8220;1_4&#8243; _builder_version=&#8220;4.13.0&#8243; _module_preset=&#8220;default&#8220; global_colors_info=&#8220;{}&#8220;][et_pb_image src=&#8220;https:\/\/jamonesibericoseu.eu\/wp-content\/uploads\/2022\/04\/Ganador-corte-jamon.jpg&#8220; title_text=&#8220;Ganador-corte-jamon&#8220; _builder_version=&#8220;4.13.0&#8243; _module_preset=&#8220;default&#8220; global_colors_info=&#8220;{}&#8220;][\/et_pb_image][et_pb_image src=&#8220;https:\/\/jamonesibericoseu.eu\/wp-content\/uploads\/2022\/04\/Ganador-corte-jamon-05.jpg&#8220; title_text=&#8220;Ganador-corte-jamon-05&#8243; _builder_version=&#8220;4.13.0&#8243; _module_preset=&#8220;default&#8220; global_colors_info=&#8220;{}&#8220;][\/et_pb_image][\/et_pb_column][et_pb_column type=&#8220;1_4&#8243; _builder_version=&#8220;4.13.0&#8243; _module_preset=&#8220;default&#8220; global_colors_info=&#8220;{}&#8220;][et_pb_image src=&#8220;https:\/\/jamonesibericoseu.eu\/wp-content\/uploads\/2022\/04\/Ganador-corte-jamon-02.jpg&#8220; title_text=&#8220;Ganador-corte-jamon-02&#8243; _builder_version=&#8220;4.13.0&#8243; _module_preset=&#8220;default&#8220; global_colors_info=&#8220;{}&#8220;][\/et_pb_image][et_pb_image src=&#8220;https:\/\/jamonesibericoseu.eu\/wp-content\/uploads\/2022\/04\/Ganador-corte-jamon-06.jpg&#8220; title_text=&#8220;Ganador-corte-jamon-06&#8243; _builder_version=&#8220;4.13.0&#8243; _module_preset=&#8220;default&#8220; global_colors_info=&#8220;{}&#8220;][\/et_pb_image][\/et_pb_column][et_pb_column type=&#8220;1_4&#8243; _builder_version=&#8220;4.13.0&#8243; _module_preset=&#8220;default&#8220; global_colors_info=&#8220;{}&#8220;][et_pb_image src=&#8220;https:\/\/jamonesibericoseu.eu\/wp-content\/uploads\/2022\/04\/Ganador-corte-jamon-03.jpg&#8220; title_text=&#8220;Ganador-corte-jamon-03&#8243; _builder_version=&#8220;4.13.0&#8243; _module_preset=&#8220;default&#8220; global_colors_info=&#8220;{}&#8220;][\/et_pb_image][et_pb_image src=&#8220;https:\/\/jamonesibericoseu.eu\/wp-content\/uploads\/2022\/04\/Ganador-corte-jamon-07.jpg&#8220; title_text=&#8220;Ganador-corte-jamon-07&#8243; _builder_version=&#8220;4.13.0&#8243; _module_preset=&#8220;default&#8220; global_colors_info=&#8220;{}&#8220;][\/et_pb_image][\/et_pb_column][et_pb_column type=&#8220;1_4&#8243; _builder_version=&#8220;4.13.0&#8243; _module_preset=&#8220;default&#8220; global_colors_info=&#8220;{}&#8220;][et_pb_image src=&#8220;https:\/\/jamonesibericoseu.eu\/wp-content\/uploads\/2022\/04\/Ganador-corte-jamon-04.jpg&#8220; title_text=&#8220;Ganador-corte-jamon-04&#8243; _builder_version=&#8220;4.13.0&#8243; _module_preset=&#8220;default&#8220; global_colors_info=&#8220;{}&#8220;][\/et_pb_image][et_pb_image src=&#8220;https:\/\/jamonesibericoseu.eu\/wp-content\/uploads\/2022\/04\/Ganador-corte-jamon-08.jpg&#8220; title_text=&#8220;Ganador-corte-jamon-08&#8243; _builder_version=&#8220;4.13.0&#8243; _module_preset=&#8220;default&#8220; global_colors_info=&#8220;{}&#8220;][\/et_pb_image][\/et_pb_column][\/et_pb_row][\/et_pb_section]<\/p>\n","protected":false},"excerpt":{"rendered":"<p>WETTBEWERB F\u00dcR SCHNITTMEISTER VON JAM\u00d3N IBERICO F\u00dcR SCH\u00dcLER AN GASTRONOMIESCHULENWas ist der Geheimnis, wenn man den Jam\u00f3n gut schneiden will? Das Messer, die Unterlage, die Technik, eine Mischung aus theoretischen und praktischen Kenntnissen. Und nat\u00fcrlich: Ein guter Jam\u00f3n Ib\u00e9rico. Die Hotelschule IES Hotel Escuela in der Provinz Madrid war Gastgeber des 4. Internationalen Schnittwettbewerbs f\u00fcr Jam\u00f3n, der von ASICI organisiert wurde, mit dem Ziel, das Schneiden von Jam\u00f3n Ib\u00e9rico im Speisesaal sichtbar zu machen und die Figur des Schnittmeisters als au\u00dfergew\u00f6hnlichen Trendsetter in der Gastronomie hervorzuheben. F\u00fcnfzehn Sch\u00fcler verschiedener Nationalit\u00e4ten von renommierten Gastronomieschulen aus ganz Europa haben an dem Wettbewerb teilgenommen. Die Jury bestehend aus verschiedenen Schnittmeistern und K\u00f6chen hat jeden einzelnen Vorschlag genauestens verfolgt &#8211; und verkostet. Der Wettbewerb f\u00fcr Schnittmeister ist eine Schulungsveranstaltung im Rahmen der Promotionsprogramms f\u00fcr Jam\u00f3n Ib\u00e9rico aus Spanien, Europ\u00e4ische Botschafter in der Welt, mit dem der Ib\u00e9rico-Sektor mit der Unterst\u00fctzung der EU versucht, die Vielseitigkeit und Qualit\u00e4t einen zentralen Produktes der mediterranen K\u00fcche und eines emblematischen Kulturgut unseres Landes zu verbreiten.<\/p>\n","protected":false},"author":1,"featured_media":0,"parent":4338,"menu_order":1,"comment_status":"closed","ping_status":"closed","template":"","meta":{"_et_pb_use_builder":"on","_et_pb_old_content":"","_et_gb_content_width":"","footnotes":""},"class_list":["post-4622","page","type-page","status-publish","hentry"],"_links":{"self":[{"href":"https:\/\/jamonesibericoseu.eu\/de\/wp-json\/wp\/v2\/pages\/4622","targetHints":{"allow":["GET"]}}],"collection":[{"href":"https:\/\/jamonesibericoseu.eu\/de\/wp-json\/wp\/v2\/pages"}],"about":[{"href":"https:\/\/jamonesibericoseu.eu\/de\/wp-json\/wp\/v2\/types\/page"}],"author":[{"embeddable":true,"href":"https:\/\/jamonesibericoseu.eu\/de\/wp-json\/wp\/v2\/users\/1"}],"replies":[{"embeddable":true,"href":"https:\/\/jamonesibericoseu.eu\/de\/wp-json\/wp\/v2\/comments?post=4622"}],"version-history":[{"count":4,"href":"https:\/\/jamonesibericoseu.eu\/de\/wp-json\/wp\/v2\/pages\/4622\/revisions"}],"predecessor-version":[{"id":4633,"href":"https:\/\/jamonesibericoseu.eu\/de\/wp-json\/wp\/v2\/pages\/4622\/revisions\/4633"}],"up":[{"embeddable":true,"href":"https:\/\/jamonesibericoseu.eu\/de\/wp-json\/wp\/v2\/pages\/4338"}],"wp:attachment":[{"href":"https:\/\/jamonesibericoseu.eu\/de\/wp-json\/wp\/v2\/media?parent=4622"}],"curies":[{"name":"wp","href":"https:\/\/api.w.org\/{rel}","templated":true}]}}